{"id":1563,"date":"2024-11-15T16:46:32","date_gmt":"2024-11-15T15:46:32","guid":{"rendered":"https:\/\/www.hrvatskopedijatrijskodrustvo-kongres2025.com\/organization\/"},"modified":"2025-01-02T21:13:42","modified_gmt":"2025-01-02T20:13:42","slug":"organization","status":"publish","type":"page","link":"https:\/\/www.hrvatskopedijatrijskodrustvo-kongres2025.com\/en\/organization\/","title":{"rendered":"Organization"},"content":{"rendered":"<p>[et_pb_section fb_built=&#8221;1&#8243; custom_padding_last_edited=&#8221;off|desktop&#8221; next_background_color=&#8221;#ffffff&#8221; _builder_version=&#8221;4.27.3&#8243; _module_preset=&#8221;default&#8221; background_color=&#8221;#E7EBEA&#8221; background_enable_image=&#8221;off&#8221; background_position=&#8221;bottom_center&#8221; custom_padding=&#8221;0px||0px||true|false&#8221; custom_padding_tablet=&#8221;0px|30px||30px|false|true&#8221; custom_padding_phone=&#8221;5px|25px|2px|25px|false|true&#8221; bottom_divider_style=&#8221;arrow3&#8243; bottom_divider_height=&#8221;60px&#8221; bottom_divider_arrangement=&#8221;above_content&#8221; bottom_divider_height_tablet=&#8221;10px&#8221; bottom_divider_height_phone=&#8221;0px&#8221; bottom_divider_height_last_edited=&#8221;on|phone&#8221; global_module=&#8221;65&#8243; saved_tabs=&#8221;all&#8221; global_colors_info=&#8221;{}&#8221;][et_pb_row _builder_version=&#8221;4.27.2&#8243; _module_preset=&#8221;default&#8221; width=&#8221;100%&#8221; max_width=&#8221;100%&#8221; module_alignment=&#8221;center&#8221; custom_margin=&#8221;0px||0px||true|false&#8221; custom_padding=&#8221;0px||0px||true|false&#8221; global_colors_info=&#8221;{}&#8221;][et_pb_column type=&#8221;4_4&#8243; _builder_version=&#8221;4.19.5&#8243; _module_preset=&#8221;default&#8221; global_colors_info=&#8221;{}&#8221;][et_pb_image src=&#8221;https:\/\/www.hrvatskopedijatrijskodrustvo-kongres2025.com\/wp-content\/uploads\/2025\/01\/hero-en.jpg&#8221; title_text=&#8221;hero-s&#8221; show_bottom_space=&#8221;off&#8221; align=&#8221;center&#8221; force_fullwidth=&#8221;on&#8221; _builder_version=&#8221;4.27.2&#8243; _module_preset=&#8221;default&#8221; module_alignment=&#8221;center&#8221; custom_margin=&#8221;0px||0px||true|false&#8221; custom_padding=&#8221;0px||0px||true|false&#8221; border_color_all=&#8221;#F5BE3D&#8221; global_colors_info=&#8221;{}&#8221;][\/et_pb_image][\/et_pb_column][\/et_pb_row][\/et_pb_section][et_pb_section fb_built=&#8221;1&#8243; _builder_version=&#8221;4.27.3&#8243; _module_preset=&#8221;default&#8221; custom_padding=&#8221;0px||||false|false&#8221; global_colors_info=&#8221;{}&#8221;][et_pb_row _builder_version=&#8221;4.27.3&#8243; _module_preset=&#8221;default&#8221; global_colors_info=&#8221;{}&#8221;][et_pb_column type=&#8221;4_4&#8243; _builder_version=&#8221;4.27.3&#8243; _module_preset=&#8221;default&#8221; global_colors_info=&#8221;{}&#8221;][et_pb_post_title meta=&#8221;off&#8221; featured_image=&#8221;off&#8221; _builder_version=&#8221;4.27.3&#8243; _module_preset=&#8221;default&#8221; title_font=&#8221;&#8211;et_global_heading_font||||||||&#8221; title_text_align=&#8221;center&#8221; title_text_color=&#8221;#890008&#8243; title_font_size=&#8221;58px&#8221; title_font_size_tablet=&#8221;48px&#8221; title_font_size_phone=&#8221;38px&#8221; title_font_size_last_edited=&#8221;on|desktop&#8221; global_colors_info=&#8221;{}&#8221;][\/et_pb_post_title][difl_divider font_icon=&#8221;&#x3b;||divi||400&#8243; icon_image_alignment=&#8221;center&#8221; icon_color=&#8221;#FEDE00&#8243; divider_line_color=&#8221;#FEDE00&#8243; divider_line_width=&#8221;2px&#8221; divider_width=&#8221;50%&#8221; line_alignment=&#8221;center&#8221; _builder_version=&#8221;4.27.3&#8243; _module_preset=&#8221;default&#8221; locked=&#8221;off&#8221; global_colors_info=&#8221;{}&#8221;][\/difl_divider][\/et_pb_column][\/et_pb_row][et_pb_row _builder_version=&#8221;4.27.3&#8243; _module_preset=&#8221;default&#8221; global_colors_info=&#8221;{}&#8221;][et_pb_column type=&#8221;4_4&#8243; _builder_version=&#8221;4.27.3&#8243; _module_preset=&#8221;default&#8221; global_colors_info=&#8221;{}&#8221;][et_pb_text _builder_version=&#8221;4.27.3&#8243; _module_preset=&#8221;default&#8221; header_2_text_align=&#8221;center&#8221; header_2_text_color=&#8221;#009CB3&#8243; header_2_font_size=&#8221;42px&#8221; header_2_font_size_tablet=&#8221;36px&#8221; header_2_font_size_phone=&#8221;32px&#8221; header_2_font_size_last_edited=&#8221;on|phone&#8221; global_colors_info=&#8221;{}&#8221;]<\/p>\n<h2>16th Congress of the Croatian Pediatric Society<\/h2>\n<p>[\/et_pb_text][\/et_pb_column][\/et_pb_row][et_pb_row column_structure=&#8221;1_2,1_2&#8243; _builder_version=&#8221;4.27.3&#8243; _module_preset=&#8221;default&#8221; custom_margin=&#8221;||35px||false|false&#8221; global_colors_info=&#8221;{}&#8221;][et_pb_column type=&#8221;1_2&#8243; _builder_version=&#8221;4.27.3&#8243; _module_preset=&#8221;default&#8221; global_colors_info=&#8221;{}&#8221;][et_pb_text ul_type=&#8221;square&#8221; _builder_version=&#8221;4.27.3&#8243; _module_preset=&#8221;default&#8221; text_font=&#8221;&#8211;et_global_body_font||||||||&#8221; text_font_size=&#8221;18px&#8221; text_line_height=&#8221;1.6em&#8221; link_font=&#8221;||||on|||#890008|wavy&#8221; link_text_color=&#8221;#009CB3&#8243; ul_font_size=&#8221;18px&#8221; header_3_font=&#8221;&#8211;et_global_heading_font||||||||&#8221; header_3_text_color=&#8221;#512E68&#8243; header_3_font_size=&#8221;28px&#8221; header_3_line_height=&#8221;1.2em&#8221; hover_enabled=&#8221;0&#8243; global_colors_info=&#8221;{}&#8221; sticky_enabled=&#8221;0&#8243;]<\/p>\n<h3 style=\"margin-bottom:0.75rem;padding-top:1.5rem;\">ORGANIZER<\/h3>\n<ul>\n<li>Croatian Pediatric Society of the Croatian Medical Association<\/li>\n<\/ul>\n<h3 style=\"margin-bottom:0.75rem;padding-top:1.5rem;\">PRESIDENT<\/h3>\n<ul>\n<li>Prof. Dr. Sc. Aida Mujki\u0107, MD <\/li>\n<\/ul>\n<h3 style=\"margin-bottom:0.75rem;padding-top:1.5rem;\">SECRETARY<\/h3>\n<ul>\n<li>Assoc. Prof. Dr. Sc. Iva Mihatov \u0160tefanovi\u0107, MD  <\/li>\n<\/ul>\n<h3 style=\"margin-bottom:0.75rem;padding-top:1.5rem;\">PRESIDENT OF THE ORGANIZING COMMITTEE<\/h3>\n<ul>\n<li>Assoc. Prof. Prim. Dr. Sc. Jo\u0161ko Marki\u0107, MD   <\/li>\n<\/ul>\n<h3 style=\"margin-bottom:0.75rem;padding-top:1.5rem;\">MEMBERS OF THE ORGANIZING COMMITTEE<\/h3>\n<ul>\n<li>Prof. Dr. Sc. Ivo Bari\u0107, MD <\/li>\n<li>Snje\u017eana Kapor Jeri\u010devi\u0107, MD<\/li>\n<li>Kristina Ku\u017enik, mag. med. techn. <\/li>\n<li>Assoc. Prof. Dr. Sc. Iva Mihatov \u0160tefanovi\u0107, MD  <\/li>\n<li>Biljana Mija\u010d, Univ. Bacc. Med. Techn. <\/li>\n<li>Prof. Dr. Sc. Aida Mujki\u0107, MD  <\/li>\n<li>Dr. Sc. Jerko Vu\u010dak, MD <\/li>\n<\/ul>\n<h3 style=\"margin-bottom:0.75rem;padding-top:1.5rem;\">PRESIDENT OF THE SCIENTIFIC AND ADMINISTRATIVE COMMITTEE<\/h3>\n<ul>\n<li>Prof. Dr. Sc. Aida Mujki\u0107, MD <\/li>\n<\/ul>\n<p>[\/et_pb_text][\/et_pb_column][et_pb_column type=&#8221;1_2&#8243; _builder_version=&#8221;4.27.3&#8243; _module_preset=&#8221;default&#8221; global_colors_info=&#8221;{}&#8221;][et_pb_text ul_type=&#8221;square&#8221; _builder_version=&#8221;4.27.3&#8243; _module_preset=&#8221;default&#8221; text_font=&#8221;&#8211;et_global_body_font||||||||&#8221; text_font_size=&#8221;18px&#8221; text_line_height=&#8221;1.6em&#8221; link_font=&#8221;||||on|||#890008|wavy&#8221; link_text_color=&#8221;#009CB3&#8243; ul_font_size=&#8221;18px&#8221; header_3_font=&#8221;&#8211;et_global_heading_font||||||||&#8221; header_3_text_color=&#8221;#512E68&#8243; header_3_font_size=&#8221;28px&#8221; header_3_line_height=&#8221;1.2em&#8221; global_colors_info=&#8221;{}&#8221;]<\/p>\n<h3 style=\"margin-bottom:0.75rem;padding-top:1.5rem;\">MEMBERS OF THE SCIENTIFIC AND ADMINISTRATIVE COMMITTEE<\/h3>\n<ul>\n<li>Prof. Dr. Sc. Ivo Bari\u0107, MD <\/li>\n<li>Prof. Dr. Sc. Ernest Bili\u0107, MD <\/li>\n<li>Prof. Dr. Sc. Boris Filipovi\u0107 Gr\u010di\u0107, MD <\/li>\n<li>Dijana Grizelj Kal\u010di\u0107, MD<\/li>\n<li>Ivan Jakop\u010di\u0107, MD<\/li>\n<li>Prof. Dr. Sc. Marija Jelu\u0161i\u0107, MD <\/li>\n<li>Assoc. Prof. Dr. Sc. Irena Ivkovi\u0107-Jurekovi\u0107, Prim. Dr. Med. <\/li>\n<li>Asst. Prof. Dr. Sc. Bla\u017eenka Kljai\u0107-Bukvi\u0107, MD  <\/li>\n<li>Assoc. Prof. Prim. Dr. Sc. Jo\u0161ko Marki\u0107, MD   <\/li>\n<li>Prof. Dr. Sc. Julije Me\u0161trovi\u0107, MD <\/li>\n<li>Assoc. Prof. Dr. Sc. Iva Mihatov \u0160tefanovi\u0107, MD  <\/li>\n<li>Prim. Mirna Milevoj-Ra\u017eem, MD <\/li>\n<li>Neven Mili\u0107, MD<\/li>\n<li>prim. Milivoj Novak, MD <\/li>\n<li>Tereza Ti\u010di\u0107, MD<\/li>\n<li>Asst. Prof. Dr. Sc. Danijela Petkovi\u0107 Ramad\u017ea, MD <\/li>\n<li>Asst. Prim. Dr. Sc. Branka Poli\u0107, MD   <\/li>\n<li>Prof. Dr. Sc. Jelena Roganovi\u0107, MD <\/li>\n<li>Dr. Sc. Ivona Butorac Ahel, MD <\/li>\n<li>Dr. Sc. Jerko Vu\u010dak, MD <\/li>\n<\/ul>\n<h3 style=\"margin-bottom:0.75rem;padding-top:1.5rem;\">SECRETARIAT<\/h3>\n<ul>\n<li>Assoc. Prof. Dr. Sc. Iva Mihatov \u0160tefanovi\u0107, MD  <\/li>\n<li>Department of Pediatrics, Clinical Hospital Center Sestre Milosrdnice, Vinogradska cesta 29, Zagreb<\/li>\n<\/ul>\n<p>[\/et_pb_text][\/et_pb_column][\/et_pb_row][et_pb_row _builder_version=&#8221;4.27.3&#8243; _module_preset=&#8221;default&#8221; custom_padding=&#8221;||||false|false&#8221; global_colors_info=&#8221;{}&#8221;][et_pb_column type=&#8221;4_4&#8243; _builder_version=&#8221;4.27.3&#8243; _module_preset=&#8221;default&#8221; global_colors_info=&#8221;{}&#8221;][et_pb_text _builder_version=&#8221;4.27.3&#8243; _module_preset=&#8221;default&#8221; header_2_text_align=&#8221;center&#8221; header_2_text_color=&#8221;#009CB3&#8243; header_2_font_size=&#8221;42px&#8221; header_2_font_size_tablet=&#8221;36px&#8221; header_2_font_size_phone=&#8221;32px&#8221; header_2_font_size_last_edited=&#8221;on|phone&#8221; global_colors_info=&#8221;{}&#8221;]<\/p>\n<h2>15th Congress of the Pediatric Society of HUMS<\/h2>\n<p>[\/et_pb_text][\/et_pb_column][\/et_pb_row][et_pb_row column_structure=&#8221;1_2,1_2&#8243; _builder_version=&#8221;4.27.3&#8243; _module_preset=&#8221;default&#8221; custom_margin=&#8221;||35px||false|false&#8221; global_colors_info=&#8221;{}&#8221;][et_pb_column type=&#8221;1_2&#8243; _builder_version=&#8221;4.27.3&#8243; _module_preset=&#8221;default&#8221; global_colors_info=&#8221;{}&#8221;][et_pb_text ul_type=&#8221;square&#8221; _builder_version=&#8221;4.27.3&#8243; _module_preset=&#8221;default&#8221; text_font=&#8221;&#8211;et_global_body_font||||||||&#8221; text_font_size=&#8221;18px&#8221; text_line_height=&#8221;1.6em&#8221; link_font=&#8221;||||on|||#890008|wavy&#8221; link_text_color=&#8221;#009CB3&#8243; ul_font_size=&#8221;18px&#8221; header_3_font=&#8221;&#8211;et_global_heading_font||||||||&#8221; header_3_text_color=&#8221;#512E68&#8243; header_3_font_size=&#8221;28px&#8221; header_3_line_height=&#8221;1.2em&#8221; hover_enabled=&#8221;0&#8243; global_colors_info=&#8221;{}&#8221; sticky_enabled=&#8221;0&#8243;]<\/p>\n<h3 style=\"margin-bottom:0.75rem;padding-top:1.5rem;\">ORGANIZER<\/h3>\n<ul>\n<li>Pediatric Society of HUMS<\/li>\n<\/ul>\n<h3 style=\"margin-bottom:0.75rem;padding-top:1.5rem;\">PRESIDENT<\/h3>\n<ul>\n<li>Kristina Ku\u017enik, M.Sc. in Nursing<\/li>\n<\/ul>\n<h3 style=\"margin-bottom:0.75rem;padding-top:1.5rem;\">SECRETARY<\/h3>\n<ul>\n<li>Ivana Stani\u0107, University M.Sc. in Nursing<\/li>\n<\/ul>\n<h3 style=\"margin-bottom:0.75rem;padding-top:1.5rem;\">CHAIR OF THE SCIENTIFIC AND EXECUTIVE COMMITTEE<\/h3>\n<ul>\n<li>Assistant Professor Dr. Karolina Kramari\u0107, Ph.D.  <\/li>\n<\/ul>\n<h3 style=\"margin-bottom:0.75rem;padding-top:1.5rem;\">SCIENTIFIC COMMITTEE<\/h3>\n<ul>\n<li>Dr. Dubravka Matija\u0161i\u0107-Bodalec, Ph.D. <\/li>\n<li>Elizabeta Kralj Kova\u010di\u0107, University M.Sc. in Nursing <\/li>\n<li>Monika Lovrek Sene\u010di\u0107, M.Sc. in Nursing<\/li>\n<li>Antonija Mari\u0107, University M.Sc. in Nursing<\/li>\n<\/ul>\n<p>[\/et_pb_text][\/et_pb_column][et_pb_column type=&#8221;1_2&#8243; _builder_version=&#8221;4.27.3&#8243; _module_preset=&#8221;default&#8221; global_colors_info=&#8221;{}&#8221;][et_pb_text ul_type=&#8221;square&#8221; _builder_version=&#8221;4.27.3&#8243; _module_preset=&#8221;default&#8221; text_font=&#8221;&#8211;et_global_body_font||||||||&#8221; text_font_size=&#8221;18px&#8221; text_line_height=&#8221;1.6em&#8221; link_font=&#8221;||||on|||#890008|wavy&#8221; link_text_color=&#8221;#009CB3&#8243; ul_font_size=&#8221;18px&#8221; header_3_font=&#8221;&#8211;et_global_heading_font||||||||&#8221; header_3_text_color=&#8221;#512E68&#8243; header_3_font_size=&#8221;28px&#8221; header_3_line_height=&#8221;1.2em&#8221; global_colors_info=&#8221;{}&#8221;]<\/p>\n<h3 style=\"margin-bottom: 0.75rem; padding-top: 1.5rem;\">EXECUTIVE COMMITTEE<\/h3>\n<ul>\n<li>Marina Bedekovi\u0107 Sli\u0161ko, M.Sc. in Nursing<\/li>\n<li>Gordana Bukovina, M.Sc. in Nursing<\/li>\n<li>Snje\u017eana Fusi\u0107, M.Sc. in Nursing<\/li>\n<li>Biljana Mija\u010d, B.Sc. in Nursing<\/li>\n<li>Sanja \u0160oli\u0107, B.Sc. in Nursing<\/li>\n<li>Danijela Vi\u0161ni\u0107, M.Sc. in Nursing<\/li>\n<li>Suzana Poljak Pernjek, M.Sc. in Nursing<\/li>\n<li>\u0110ur\u0111ica Lendi\u0107, M.Sc. in Nursing<\/li>\n<li>Dijana Farka\u0161, M.Sc. in Nursing<\/li>\n<li>Marija Bla\u017eevi\u0107, B.Sc. in Nursing<\/li>\n<li>Ana \u010cu\u010di\u0107, M.Sc. in Nursing<\/li>\n<li>Sanja Buhin, M.Sc. in Nursing<\/li>\n<li>Dra\u017eenka Petric, B.Sc. in Nursing<\/li>\n<\/ul>\n<h3 style=\"margin-bottom: 0.75rem; padding-top: 1.5rem;\">SECRETARIAT<\/h3>\n<ul>\n<li><a href=\"mailto:pedijatrijsko.drustvo@gmail.com\">pedijatrijsko.drustvo@gmail.com<\/a><\/li>\n<li>Ivana Stani\u0107, University M.Sc. in Nursing <\/li>\n<li>Pediatrics Clinic, University Hospital Center Sestre Milosrdnice, Vinogradska Street 29, 10000 Zagreb<\/li>\n<\/ul>\n<p>[\/et_pb_text][\/et_pb_column][\/et_pb_row][\/et_pb_section][et_pb_section fb_built=&#8221;1&#8243; _builder_version=&#8221;4.27.2&#8243; _module_preset=&#8221;default&#8221; background_color=&#8221;#512E68&#8243; background_enable_image=&#8221;off&#8221; background_size=&#8221;custom&#8221; background_image_height=&#8221;30%&#8221; background_position=&#8221;bottom_left&#8221; custom_margin=&#8221;||||false|false&#8221; custom_padding=&#8221;||0px||false|false&#8221; global_colors_info=&#8221;{}&#8221;][et_pb_row _builder_version=&#8221;4.27.2&#8243; _module_preset=&#8221;default&#8221; background_enable_image=&#8221;off&#8221; background_size=&#8221;custom&#8221; background_image_height=&#8221;35%&#8221; background_position=&#8221;bottom_right&#8221; background_horizontal_offset=&#8221;0%&#8221; background_vertical_offset=&#8221;0%&#8221; width=&#8221;94%&#8221; max_width=&#8221;1400px&#8221; custom_padding=&#8221;||75px||false|false&#8221; global_colors_info=&#8221;{}&#8221;][et_pb_column type=&#8221;4_4&#8243; _builder_version=&#8221;4.19.5&#8243; _module_preset=&#8221;default&#8221; global_colors_info=&#8221;{}&#8221;][et_pb_text _builder_version=&#8221;4.27.3&#8243; _module_preset=&#8221;default&#8221; text_font_size=&#8221;20px&#8221; text_line_height=&#8221;1.5em&#8221; link_font=&#8221;||||on|||#FFFFFF|&#8221; link_text_color=&#8221;#FEDE00&#8243; header_3_font_size=&#8221;34px&#8221; text_orientation=&#8221;center&#8221; background_layout=&#8221;dark&#8221; text_font_size_tablet=&#8221;20px&#8221; text_font_size_phone=&#8221;16px&#8221; text_font_size_last_edited=&#8221;on|desktop&#8221; header_3_font_size_tablet=&#8221;40px&#8221; header_3_font_size_phone=&#8221;28px&#8221; header_3_font_size_last_edited=&#8221;on|phone&#8221; global_colors_info=&#8221;{}&#8221;]<\/p>\n<h3 style=\"margin-bottom: 1.5rem;\">Techical organizer<\/h3>\n<p><a href=\"http:\/\/conventuscredo.hr\" target=\"_blank\" title=\"Professional congress organizer - Conventus Credo d.o.o.\" rel=\"noopener noreferrer\">Conventus Credo d.o.o.<\/a> \/\/ Bogi\u0161i\u0107eva 2, 10 000 Zagreb \/\/ <span style=\"display: inline-block; white-space: nowrap;\"><strong>MB:<\/strong> 2102510,<\/span> <span style=\"display: inline-block; white-space: nowrap;\"><strong>OIB:<\/strong> 94766180676,<\/span> <span style=\"display: inline-block; white-space: nowrap;\"><strong>ID:<\/strong> HR-AB-01-08057163<\/span><\/p>\n<p>E-mail: <a href=\"mailto:ivana@conventuscredo.hr\">info@conventuscredo.hr<\/a> \u2022 Phone<span style=\"display: inline-block; white-space: nowrap;\">: +385 1 4854 697<\/span><\/p>\n<p>[\/et_pb_text][\/et_pb_column][\/et_pb_row][\/et_pb_section]<\/p>\n","protected":false},"excerpt":{"rendered":"<p><div class=\"et_pb_module difl_divider difl_divider_0\">\n\t\t\t\t\n\t\t\t\t\n\t\t\t\t\n\t\t\t\t\n\t\t\t\t\n\t\t\t\t\n\t\t\t\t<div class=\"et_pb_module_inner\">\n\t\t\t\t\t<div class=\"difl-divider-container difl-divider-solid\" data-settings='[]'>\r\n                            <div class=\"difl-divider-wrapper\">\r\n                                <div class=\"difl-divider-wrapper-separator\">\r\n                                    <div class=\"difl-divider-wrapper-separator-divider\">\r\n                                        <div class=\"difl-divider-inner\">\r\n\r\n                                            <div class=\"difl-divider-content-wrapper icon-type-icon\">\r\n                                                \r\n                                                <div class=\"difl-divider-left difl-divider-left-side\">\r\n                                                    <hr>\r\n                                                <\/div>\r\n\r\n                                                <div class=\"difl-divider-icon-container\">\r\n                                                <div class=\"difl-divider-icon-wrap\">\r\n                                                    <span class=\"et-pb-icon difl-divider-icon\">&#x3b;<\/span>\r\n                                                <\/div>\r\n                                            <\/div>\r\n\r\n                                                <div class=\"difl-divider-right difl-divider-right-side\">\r\n                                                    <hr>\r\n                                                <\/div>\r\n                                                \r\n                                            <\/div>\r\n\r\n                                        <\/div>\r\n\r\n                                    <\/div>\r\n\r\n                                <\/div>\r\n\r\n                            <\/div>\r\n\r\n                        <\/div>\n\t\t\t\t<\/div>\n\t\t\t<\/div>16th Congress of the Croatian Pediatric SocietyORGANIZER Croatian Pediatric Society of the Croatian Medical Association PRESIDENT Prof. Dr. Sc. Aida Mujki\u0107, MD SECRETARY Assoc. Prof. Dr. Sc. Iva Mihatov \u0160tefanovi\u0107, MD PRESIDENT OF THE ORGANIZING COMMITTEE Assoc. Prof. Prim. Dr. Sc. Jo\u0161ko Marki\u0107, MD [&hellip;]<\/p>\n","protected":false},"author":1,"featured_media":0,"parent":0,"menu_order":0,"comment_status":"closed","ping_status":"closed","template":"","meta":{"_acf_changed":false,"_et_pb_use_builder":"on","_et_pb_old_content":"","_et_gb_content_width":"","footnotes":""},"difl_page_category":[],"class_list":["post-1563","page","type-page","status-publish","hentry"],"acf":[],"_links":{"self":[{"href":"https:\/\/www.hrvatskopedijatrijskodrustvo-kongres2025.com\/en\/wp-json\/wp\/v2\/pages\/1563","targetHints":{"allow":["GET"]}}],"collection":[{"href":"https:\/\/www.hrvatskopedijatrijskodrustvo-kongres2025.com\/en\/wp-json\/wp\/v2\/pages"}],"about":[{"href":"https:\/\/www.hrvatskopedijatrijskodrustvo-kongres2025.com\/en\/wp-json\/wp\/v2\/types\/page"}],"author":[{"embeddable":true,"href":"https:\/\/www.hrvatskopedijatrijskodrustvo-kongres2025.com\/en\/wp-json\/wp\/v2\/users\/1"}],"replies":[{"embeddable":true,"href":"https:\/\/www.hrvatskopedijatrijskodrustvo-kongres2025.com\/en\/wp-json\/wp\/v2\/comments?post=1563"}],"version-history":[{"count":5,"href":"https:\/\/www.hrvatskopedijatrijskodrustvo-kongres2025.com\/en\/wp-json\/wp\/v2\/pages\/1563\/revisions"}],"predecessor-version":[{"id":1659,"href":"https:\/\/www.hrvatskopedijatrijskodrustvo-kongres2025.com\/en\/wp-json\/wp\/v2\/pages\/1563\/revisions\/1659"}],"wp:attachment":[{"href":"https:\/\/www.hrvatskopedijatrijskodrustvo-kongres2025.com\/en\/wp-json\/wp\/v2\/media?parent=1563"}],"wp:term":[{"taxonomy":"difl_page_category","embeddable":true,"href":"https:\/\/www.hrvatskopedijatrijskodrustvo-kongres2025.com\/en\/wp-json\/wp\/v2\/difl_page_category?post=1563"}],"curies":[{"name":"wp","href":"https:\/\/api.w.org\/{rel}","templated":true}]}}